{"id":5018,"date":"2019-02-20T09:07:48","date_gmt":"2019-02-20T09:07:48","guid":{"rendered":"https:\/\/wilmer.mikado-themes.com\/?page_id=5018"},"modified":"2022-04-03T10:19:44","modified_gmt":"2022-04-03T09:19:44","slug":"portfolio-lists","status":"publish","type":"page","link":"https:\/\/gi-encon.com\/?page_id=5018","title":{"rendered":"Unsere Projekte"},"content":{"rendered":"<p>[vc_row disable_element=&#8220;yes&#8220; row_content_width=&#8220;grid&#8220; row_btt_skin=&#8220;light&#8220; row_background_text_position=&#8220;front&#8220; css=&#8220;.vc_custom_1580849886295{padding-top: 120px !important;padding-bottom: 100px !important;}&#8220;][vc_column offset=&#8220;vc_col-lg-offset-0 vc_col-lg-12 vc_col-md-offset-0 vc_col-md-12 vc_col-sm-offset-0&#8243;]<div class=\"mkdf-portfolio-list-holder mkdf-grid-list mkdf-disable-bottom-space mkdf-pl-gallery mkdf-three-columns mkdf-normal-space mkdf-pl-standard-shader    mkdf-pl-pag-no-pagination mkdf-pl-has-filter     mkdf-pl-default-skin\"  data-type=gallery data-skin=default-skin data-number-of-columns=three data-space-between-items=normal data-number-of-items=6 data-image-proportions=landscape data-enable-fixed-proportions=no data-enable-image-shadow=no data-category=construction data-orderby=date data-order=ASC data-item-style=standard-shader data-enable-title=yes data-title-tag=h4 data-enable-category=no data-enable-count-images=yes data-enable-excerpt=no data-excerpt-length=20 data-readmore=no data-pagination-type=no-pagination data-filter=yes data-filter-order-by=name data-enable-article-animation=no data-portfolio-slider-on=no data-enable-loop=yes data-enable-autoplay=yes data-slider-speed=5000 data-slider-speed-animation=600 data-enable-navigation=yes data-enable-pagination=yes data-enable-auto-width=no data-max-num-pages=2 data-next-page=2>\n\t\t<div class=\"mkdf-pl-filter-holder\" >\n\t\t<div class=\"mkdf-plf-inner\">\n\t\t\t\t\t<\/div>\n\t<\/div>\n\t<div class=\"mkdf-pl-inner mkdf-outer-space  clearfix\">\n\t\t<article class=\"mkdf-pl-item mkdf-item-space  post-3006 portfolio-item type-portfolio-item status-publish has-post-thumbnail hentry portfolio-category-construction portfolio-tag-colours portfolio-tag-materials\">\n\t<div class=\"mkdf-pl-item-inner\">\n\t\t<a href=\"https:\/\/gi-encon.com\/?portfolio-item=wood-in-architecture\">\n<div class=\"mkdf-pli-image\">\n\t<img loading=\"lazy\" decoding=\"async\" width=\"970\" height=\"644\" src=\"https:\/\/gi-encon.com\/wp-content\/uploads\/2020\/02\/zeb2.png\" class=\"attachment-wilmer_mikado_image_landscape size-wilmer_mikado_image_landscape wp-post-image\" alt=\"\" srcset=\"https:\/\/gi-encon.com\/wp-content\/uploads\/2020\/02\/zeb2.png 970w, https:\/\/gi-encon.com\/wp-content\/uploads\/2020\/02\/zeb2-300x199.png 300w, https:\/\/gi-encon.com\/wp-content\/uploads\/2020\/02\/zeb2-768x510.png 768w\" sizes=\"auto, (max-width: 970px) 100vw, 970px\" \/><\/div>\n<\/a>\n<div class=\"mkdf-pli-text-holder\" >\n\t<div class=\"mkdf-pli-text-wrapper\">\n\t\t<div class=\"mkdf-pli-text\">\n\n            \n\t\t\t    <a href=\"https:\/\/gi-encon.com\/?portfolio-item=wood-in-architecture\">\n\t<h4 itemprop=\"name\" class=\"mkdf-pli-title entry-title\" >\n\t\tZEBRA TOWER, Warschau &#8211; Polen\t<\/h4>\n    <\/a>\n\n\t\t\t\n\t\t\t\n            \n\t\t<\/div>\n\t<\/div>\n<\/div>\n\t\t<a itemprop=\"url\" class=\"mkdf-pli-link mkdf-block-drag-link\" href=\"https:\/\/gi-encon.com\/?portfolio-item=wood-in-architecture\" target=\"_self\"><\/a>\n\t<\/div>\n<\/article><article class=\"mkdf-pl-item mkdf-item-space  post-6431 portfolio-item type-portfolio-item status-publish has-post-thumbnail hentry portfolio-category-construction portfolio-tag-construction portfolio-tag-portfolio portfolio-tag-projekte\">\n\t<div class=\"mkdf-pl-item-inner\">\n\t\t<a href=\"https:\/\/gi-encon.com\/?portfolio-item=garage-12-februar-platz-wien-oesterreich\">\n<div class=\"mkdf-pli-image\">\n\t<img loading=\"lazy\" decoding=\"async\" width=\"970\" height=\"644\" src=\"https:\/\/gi-encon.com\/wp-content\/uploads\/2020\/02\/12Feb2.png\" class=\"attachment-wilmer_mikado_image_landscape size-wilmer_mikado_image_landscape wp-post-image\" alt=\"\" srcset=\"https:\/\/gi-encon.com\/wp-content\/uploads\/2020\/02\/12Feb2.png 970w, https:\/\/gi-encon.com\/wp-content\/uploads\/2020\/02\/12Feb2-300x199.png 300w, https:\/\/gi-encon.com\/wp-content\/uploads\/2020\/02\/12Feb2-768x510.png 768w\" sizes=\"auto, (max-width: 970px) 100vw, 970px\" \/><\/div>\n<\/a>\n<div class=\"mkdf-pli-text-holder\" >\n\t<div class=\"mkdf-pli-text-wrapper\">\n\t\t<div class=\"mkdf-pli-text\">\n\n            \n\t\t\t    <a href=\"https:\/\/gi-encon.com\/?portfolio-item=garage-12-februar-platz-wien-oesterreich\">\n\t<h4 itemprop=\"name\" class=\"mkdf-pli-title entry-title\" >\n\t\tGarage 12. FEBRUAR PLATZ , Wien &#8211; \u00d6STERREICH\t<\/h4>\n    <\/a>\n\n\t\t\t\n\t\t\t\n            \n\t\t<\/div>\n\t<\/div>\n<\/div>\n\t\t<a itemprop=\"url\" class=\"mkdf-pli-link mkdf-block-drag-link\" href=\"https:\/\/gi-encon.com\/?portfolio-item=garage-12-februar-platz-wien-oesterreich\" target=\"_self\"><\/a>\n\t<\/div>\n<\/article><article class=\"mkdf-pl-item mkdf-item-space  post-6434 portfolio-item type-portfolio-item status-publish has-post-thumbnail hentry portfolio-category-construction portfolio-tag-construction portfolio-tag-portfolio portfolio-tag-projekte\">\n\t<div class=\"mkdf-pl-item-inner\">\n\t\t<a href=\"https:\/\/gi-encon.com\/?portfolio-item=autohaus-spes-brunn-am-gebirge-oesterreich\">\n<div class=\"mkdf-pli-image\">\n\t<img loading=\"lazy\" decoding=\"async\" width=\"970\" height=\"644\" src=\"https:\/\/gi-encon.com\/wp-content\/uploads\/2020\/02\/Autohaus2.png\" class=\"attachment-wilmer_mikado_image_landscape size-wilmer_mikado_image_landscape wp-post-image\" alt=\"\" srcset=\"https:\/\/gi-encon.com\/wp-content\/uploads\/2020\/02\/Autohaus2.png 970w, https:\/\/gi-encon.com\/wp-content\/uploads\/2020\/02\/Autohaus2-300x199.png 300w, https:\/\/gi-encon.com\/wp-content\/uploads\/2020\/02\/Autohaus2-768x510.png 768w\" sizes=\"auto, (max-width: 970px) 100vw, 970px\" \/><\/div>\n<\/a>\n<div class=\"mkdf-pli-text-holder\" >\n\t<div class=\"mkdf-pli-text-wrapper\">\n\t\t<div class=\"mkdf-pli-text\">\n\n            \n\t\t\t    <a href=\"https:\/\/gi-encon.com\/?portfolio-item=autohaus-spes-brunn-am-gebirge-oesterreich\">\n\t<h4 itemprop=\"name\" class=\"mkdf-pli-title entry-title\" >\n\t\tAutohaus SPES, Brunn am Gebirge &#8211; \u00d6STERREICH\t<\/h4>\n    <\/a>\n\n\t\t\t\n\t\t\t\n            \n\t\t<\/div>\n\t<\/div>\n<\/div>\n\t\t<a itemprop=\"url\" class=\"mkdf-pli-link mkdf-block-drag-link\" href=\"https:\/\/gi-encon.com\/?portfolio-item=autohaus-spes-brunn-am-gebirge-oesterreich\" target=\"_self\"><\/a>\n\t<\/div>\n<\/article><article class=\"mkdf-pl-item mkdf-item-space  post-6437 portfolio-item type-portfolio-item status-publish has-post-thumbnail hentry portfolio-category-construction portfolio-tag-construction portfolio-tag-portfolio portfolio-tag-projekte\">\n\t<div class=\"mkdf-pl-item-inner\">\n\t\t<a href=\"https:\/\/gi-encon.com\/?portfolio-item=danube-flats-wien-22-oesterreich\">\n<div class=\"mkdf-pli-image\">\n\t<img loading=\"lazy\" decoding=\"async\" width=\"970\" height=\"644\" src=\"https:\/\/gi-encon.com\/wp-content\/uploads\/2020\/02\/danube5.png\" class=\"attachment-wilmer_mikado_image_landscape size-wilmer_mikado_image_landscape wp-post-image\" alt=\"\" srcset=\"https:\/\/gi-encon.com\/wp-content\/uploads\/2020\/02\/danube5.png 970w, https:\/\/gi-encon.com\/wp-content\/uploads\/2020\/02\/danube5-300x199.png 300w, https:\/\/gi-encon.com\/wp-content\/uploads\/2020\/02\/danube5-768x510.png 768w\" sizes=\"auto, (max-width: 970px) 100vw, 970px\" \/><\/div>\n<\/a>\n<div class=\"mkdf-pli-text-holder\" >\n\t<div class=\"mkdf-pli-text-wrapper\">\n\t\t<div class=\"mkdf-pli-text\">\n\n            \n\t\t\t    <a href=\"https:\/\/gi-encon.com\/?portfolio-item=danube-flats-wien-22-oesterreich\">\n\t<h4 itemprop=\"name\" class=\"mkdf-pli-title entry-title\" >\n\t\tDANUBE FLATS &#8211; Wien 22 &#8211; \u00d6STERREICH\t<\/h4>\n    <\/a>\n\n\t\t\t\n\t\t\t\n            \n\t\t<\/div>\n\t<\/div>\n<\/div>\n\t\t<a itemprop=\"url\" class=\"mkdf-pli-link mkdf-block-drag-link\" href=\"https:\/\/gi-encon.com\/?portfolio-item=danube-flats-wien-22-oesterreich\" target=\"_self\"><\/a>\n\t<\/div>\n<\/article><article class=\"mkdf-pl-item mkdf-item-space  post-6525 portfolio-item type-portfolio-item status-publish has-post-thumbnail hentry portfolio-category-construction portfolio-tag-construction portfolio-tag-portfolio portfolio-tag-projekte\">\n\t<div class=\"mkdf-pl-item-inner\">\n\t\t<a href=\"https:\/\/gi-encon.com\/?portfolio-item=hotelbau-hotel-daniel-wien-oesterreich\">\n<div class=\"mkdf-pli-image\">\n\t<img loading=\"lazy\" decoding=\"async\" width=\"970\" height=\"644\" src=\"https:\/\/gi-encon.com\/wp-content\/uploads\/2020\/02\/daniel1.png\" class=\"attachment-wilmer_mikado_image_landscape size-wilmer_mikado_image_landscape wp-post-image\" alt=\"\" srcset=\"https:\/\/gi-encon.com\/wp-content\/uploads\/2020\/02\/daniel1.png 970w, https:\/\/gi-encon.com\/wp-content\/uploads\/2020\/02\/daniel1-300x199.png 300w, https:\/\/gi-encon.com\/wp-content\/uploads\/2020\/02\/daniel1-768x510.png 768w\" sizes=\"auto, (max-width: 970px) 100vw, 970px\" \/><\/div>\n<\/a>\n<div class=\"mkdf-pli-text-holder\" >\n\t<div class=\"mkdf-pli-text-wrapper\">\n\t\t<div class=\"mkdf-pli-text\">\n\n            \n\t\t\t    <a href=\"https:\/\/gi-encon.com\/?portfolio-item=hotelbau-hotel-daniel-wien-oesterreich\">\n\t<h4 itemprop=\"name\" class=\"mkdf-pli-title entry-title\" >\n\t\tHotelbau, HOTEL DANIEL, Wien &#8211; \u00d6STERREICH\t<\/h4>\n    <\/a>\n\n\t\t\t\n\t\t\t\n            \n\t\t<\/div>\n\t<\/div>\n<\/div>\n\t\t<a itemprop=\"url\" class=\"mkdf-pli-link mkdf-block-drag-link\" href=\"https:\/\/gi-encon.com\/?portfolio-item=hotelbau-hotel-daniel-wien-oesterreich\" target=\"_self\"><\/a>\n\t<\/div>\n<\/article><article class=\"mkdf-pl-item mkdf-item-space  post-6558 portfolio-item type-portfolio-item status-publish has-post-thumbnail hentry portfolio-category-construction portfolio-tag-construction portfolio-tag-portfolio portfolio-tag-projekte portfolio-tag-statik\">\n\t<div class=\"mkdf-pl-item-inner\">\n\t\t<a href=\"https:\/\/gi-encon.com\/?portfolio-item=krolewska-buerogebaeude-warschau-polen\">\n<div class=\"mkdf-pli-image\">\n\t<img loading=\"lazy\" decoding=\"async\" width=\"970\" height=\"644\" src=\"https:\/\/gi-encon.com\/wp-content\/uploads\/2020\/02\/towerpolen.png\" class=\"attachment-wilmer_mikado_image_landscape size-wilmer_mikado_image_landscape wp-post-image\" alt=\"\" srcset=\"https:\/\/gi-encon.com\/wp-content\/uploads\/2020\/02\/towerpolen.png 970w, https:\/\/gi-encon.com\/wp-content\/uploads\/2020\/02\/towerpolen-300x199.png 300w, https:\/\/gi-encon.com\/wp-content\/uploads\/2020\/02\/towerpolen-768x510.png 768w\" sizes=\"auto, (max-width: 970px) 100vw, 970px\" \/><\/div>\n<\/a>\n<div class=\"mkdf-pli-text-holder\" >\n\t<div class=\"mkdf-pli-text-wrapper\">\n\t\t<div class=\"mkdf-pli-text\">\n\n            \n\t\t\t    <a href=\"https:\/\/gi-encon.com\/?portfolio-item=krolewska-buerogebaeude-warschau-polen\">\n\t<h4 itemprop=\"name\" class=\"mkdf-pli-title entry-title\" >\n\t\tKROLEWSKA  B\u00fcrogeb\u00e4ude , Warschau &#8211; POLEN\t<\/h4>\n    <\/a>\n\n\t\t\t\n\t\t\t\n            \n\t\t<\/div>\n\t<\/div>\n<\/div>\n\t\t<a itemprop=\"url\" class=\"mkdf-pli-link mkdf-block-drag-link\" href=\"https:\/\/gi-encon.com\/?portfolio-item=krolewska-buerogebaeude-warschau-polen\" target=\"_self\"><\/a>\n\t<\/div>\n<\/article>\t<\/div>\n\t\n\t<\/div>[\/vc_column][\/vc_row][vc_row row_btt_skin=&#8220;light&#8220; row_background_text_position=&#8220;front&#8220; simple_background_color=&#8220;#22365c&#8220;][vc_column offset=&#8220;vc_col-lg-offset-0 vc_col-lg-12 vc_col-md-offset-0 vc_col-md-12 vc_col-sm-offset-0&#8243; css=&#8220;.vc_custom_1581084773595{padding-right: 0px !important;padding-left: 0px !important;}&#8220;]<div class=\"mkdf-portfolio-list-holder mkdf-grid-list mkdf-disable-bottom-space mkdf-pl-gallery mkdf-three-columns mkdf-normal-space mkdf-pl-gallery-overlay  mkdf-pl-has-shadow  mkdf-pl-pag-no-pagination      mkdf-pl-light-skin\"  data-type=gallery data-skin=light-skin data-number-of-columns=three data-space-between-items=normal data-number-of-items=-1 data-image-proportions=full data-enable-fixed-proportions=no data-enable-image-shadow=yes data-category=construction data-orderby=rand data-order=ASC data-item-style=gallery-overlay data-enable-title=yes data-title-tag=h4 data-enable-category=yes data-enable-count-images=yes data-enable-excerpt=no data-excerpt-length=20 data-readmore=no data-pagination-type=no-pagination data-filter=no data-filter-order-by=name data-enable-article-animation=no data-portfolio-slider-on=no data-enable-loop=yes data-enable-autoplay=yes data-slider-speed=5000 data-slider-speed-animation=600 data-enable-navigation=yes data-enable-pagination=yes data-enable-auto-width=no data-max-num-pages=0 data-next-page=2>\n\t\t<div class=\"mkdf-pl-inner mkdf-outer-space  clearfix\">\n\t\t<article class=\"mkdf-pl-item mkdf-item-space  post-3006 portfolio-item type-portfolio-item status-publish has-post-thumbnail hentry portfolio-category-construction portfolio-tag-colours portfolio-tag-materials\">\n\t<div class=\"mkdf-pl-item-inner\">\n\t\t<a href=\"https:\/\/gi-encon.com\/?portfolio-item=wood-in-architecture\">\n<div class=\"mkdf-pli-image\">\n\t<img loading=\"lazy\" decoding=\"async\" width=\"970\" height=\"644\" src=\"https:\/\/gi-encon.com\/wp-content\/uploads\/2020\/02\/zeb2.png\" class=\"attachment-full size-full wp-post-image\" alt=\"\" srcset=\"https:\/\/gi-encon.com\/wp-content\/uploads\/2020\/02\/zeb2.png 970w, https:\/\/gi-encon.com\/wp-content\/uploads\/2020\/02\/zeb2-300x199.png 300w, https:\/\/gi-encon.com\/wp-content\/uploads\/2020\/02\/zeb2-768x510.png 768w\" sizes=\"auto, (max-width: 970px) 100vw, 970px\" \/><\/div>\n<\/a>\n<div class=\"mkdf-pli-text-holder\">\n\t<div class=\"mkdf-pli-text-wrapper\">\n\t\t<div class=\"mkdf-pli-text\">\n            \t\t<h6 class=\"mkdf-pli-category-holder\">\n\t\t\t\t\t\t\t<a itemprop=\"url\" class=\"mkdf-pli-category\" href=\"https:\/\/gi-encon.com\/?portfolio-category=construction\">Construction<\/a>\n\t\t\t\t\t<\/h6>\n\t\n                <a href=\"https:\/\/gi-encon.com\/?portfolio-item=wood-in-architecture\">\n\t<h4 itemprop=\"name\" class=\"mkdf-pli-title entry-title\" >\n\t\tZEBRA TOWER, Warschau &#8211; Polen\t<\/h4>\n    <\/a>\n\n            \n            \n            \t\t<\/div>\n\t<\/div>\n<\/div>\n\t\t<a itemprop=\"url\" class=\"mkdf-pli-link mkdf-block-drag-link\" href=\"https:\/\/gi-encon.com\/?portfolio-item=wood-in-architecture\" target=\"_self\"><\/a>\n\t<\/div>\n<\/article><article class=\"mkdf-pl-item mkdf-item-space  post-6525 portfolio-item type-portfolio-item status-publish has-post-thumbnail hentry portfolio-category-construction portfolio-tag-construction portfolio-tag-portfolio portfolio-tag-projekte\">\n\t<div class=\"mkdf-pl-item-inner\">\n\t\t<a href=\"https:\/\/gi-encon.com\/?portfolio-item=hotelbau-hotel-daniel-wien-oesterreich\">\n<div class=\"mkdf-pli-image\">\n\t<img loading=\"lazy\" decoding=\"async\" width=\"970\" height=\"644\" src=\"https:\/\/gi-encon.com\/wp-content\/uploads\/2020\/02\/daniel1.png\" class=\"attachment-full size-full wp-post-image\" alt=\"\" srcset=\"https:\/\/gi-encon.com\/wp-content\/uploads\/2020\/02\/daniel1.png 970w, https:\/\/gi-encon.com\/wp-content\/uploads\/2020\/02\/daniel1-300x199.png 300w, https:\/\/gi-encon.com\/wp-content\/uploads\/2020\/02\/daniel1-768x510.png 768w\" sizes=\"auto, (max-width: 970px) 100vw, 970px\" \/><\/div>\n<\/a>\n<div class=\"mkdf-pli-text-holder\">\n\t<div class=\"mkdf-pli-text-wrapper\">\n\t\t<div class=\"mkdf-pli-text\">\n            \t\t<h6 class=\"mkdf-pli-category-holder\">\n\t\t\t\t\t\t\t<a itemprop=\"url\" class=\"mkdf-pli-category\" href=\"https:\/\/gi-encon.com\/?portfolio-category=construction\">Construction<\/a>\n\t\t\t\t\t<\/h6>\n\t\n                <a href=\"https:\/\/gi-encon.com\/?portfolio-item=hotelbau-hotel-daniel-wien-oesterreich\">\n\t<h4 itemprop=\"name\" class=\"mkdf-pli-title entry-title\" >\n\t\tHotelbau, HOTEL DANIEL, Wien &#8211; \u00d6STERREICH\t<\/h4>\n    <\/a>\n\n            \n            \n            \t\t<\/div>\n\t<\/div>\n<\/div>\n\t\t<a itemprop=\"url\" class=\"mkdf-pli-link mkdf-block-drag-link\" href=\"https:\/\/gi-encon.com\/?portfolio-item=hotelbau-hotel-daniel-wien-oesterreich\" target=\"_self\"><\/a>\n\t<\/div>\n<\/article><article class=\"mkdf-pl-item mkdf-item-space  post-6437 portfolio-item type-portfolio-item status-publish has-post-thumbnail hentry portfolio-category-construction portfolio-tag-construction portfolio-tag-portfolio portfolio-tag-projekte\">\n\t<div class=\"mkdf-pl-item-inner\">\n\t\t<a href=\"https:\/\/gi-encon.com\/?portfolio-item=danube-flats-wien-22-oesterreich\">\n<div class=\"mkdf-pli-image\">\n\t<img loading=\"lazy\" decoding=\"async\" width=\"970\" height=\"644\" src=\"https:\/\/gi-encon.com\/wp-content\/uploads\/2020\/02\/danube5.png\" class=\"attachment-full size-full wp-post-image\" alt=\"\" srcset=\"https:\/\/gi-encon.com\/wp-content\/uploads\/2020\/02\/danube5.png 970w, https:\/\/gi-encon.com\/wp-content\/uploads\/2020\/02\/danube5-300x199.png 300w, https:\/\/gi-encon.com\/wp-content\/uploads\/2020\/02\/danube5-768x510.png 768w\" sizes=\"auto, (max-width: 970px) 100vw, 970px\" \/><\/div>\n<\/a>\n<div class=\"mkdf-pli-text-holder\">\n\t<div class=\"mkdf-pli-text-wrapper\">\n\t\t<div class=\"mkdf-pli-text\">\n            \t\t<h6 class=\"mkdf-pli-category-holder\">\n\t\t\t\t\t\t\t<a itemprop=\"url\" class=\"mkdf-pli-category\" href=\"https:\/\/gi-encon.com\/?portfolio-category=construction\">Construction<\/a>\n\t\t\t\t\t<\/h6>\n\t\n                <a href=\"https:\/\/gi-encon.com\/?portfolio-item=danube-flats-wien-22-oesterreich\">\n\t<h4 itemprop=\"name\" class=\"mkdf-pli-title entry-title\" >\n\t\tDANUBE FLATS &#8211; Wien 22 &#8211; \u00d6STERREICH\t<\/h4>\n    <\/a>\n\n            \n            \n            \t\t<\/div>\n\t<\/div>\n<\/div>\n\t\t<a itemprop=\"url\" class=\"mkdf-pli-link mkdf-block-drag-link\" href=\"https:\/\/gi-encon.com\/?portfolio-item=danube-flats-wien-22-oesterreich\" target=\"_self\"><\/a>\n\t<\/div>\n<\/article><article class=\"mkdf-pl-item mkdf-item-space  post-6560 portfolio-item type-portfolio-item status-publish has-post-thumbnail hentry portfolio-category-construction portfolio-tag-construction portfolio-tag-portfolio portfolio-tag-projekte portfolio-tag-statik\">\n\t<div class=\"mkdf-pl-item-inner\">\n\t\t<a href=\"https:\/\/gi-encon.com\/?portfolio-item=hotel-buerogebaeude-wohnhaus-greenworx-wien-oesterreich\">\n<div class=\"mkdf-pli-image\">\n\t<img loading=\"lazy\" decoding=\"async\" width=\"970\" height=\"644\" src=\"https:\/\/gi-encon.com\/wp-content\/uploads\/2020\/02\/las2.png\" class=\"attachment-full size-full wp-post-image\" alt=\"\" srcset=\"https:\/\/gi-encon.com\/wp-content\/uploads\/2020\/02\/las2.png 970w, https:\/\/gi-encon.com\/wp-content\/uploads\/2020\/02\/las2-300x199.png 300w, https:\/\/gi-encon.com\/wp-content\/uploads\/2020\/02\/las2-768x510.png 768w\" sizes=\"auto, (max-width: 970px) 100vw, 970px\" \/><\/div>\n<\/a>\n<div class=\"mkdf-pli-text-holder\">\n\t<div class=\"mkdf-pli-text-wrapper\">\n\t\t<div class=\"mkdf-pli-text\">\n            \t\t<h6 class=\"mkdf-pli-category-holder\">\n\t\t\t\t\t\t\t<a itemprop=\"url\" class=\"mkdf-pli-category\" href=\"https:\/\/gi-encon.com\/?portfolio-category=construction\">Construction<\/a>\n\t\t\t\t\t<\/h6>\n\t\n                <a href=\"https:\/\/gi-encon.com\/?portfolio-item=hotel-buerogebaeude-wohnhaus-greenworx-wien-oesterreich\">\n\t<h4 itemprop=\"name\" class=\"mkdf-pli-title entry-title\" >\n\t\tHotel, B\u00fcrogeb\u00e4ude, Wohnhaus GREENWORX , Wien &#8211; \u00d6STERREICH\t<\/h4>\n    <\/a>\n\n            \n            \n            \t\t<\/div>\n\t<\/div>\n<\/div>\n\t\t<a itemprop=\"url\" class=\"mkdf-pli-link mkdf-block-drag-link\" href=\"https:\/\/gi-encon.com\/?portfolio-item=hotel-buerogebaeude-wohnhaus-greenworx-wien-oesterreich\" target=\"_self\"><\/a>\n\t<\/div>\n<\/article><article class=\"mkdf-pl-item mkdf-item-space  post-6434 portfolio-item type-portfolio-item status-publish has-post-thumbnail hentry portfolio-category-construction portfolio-tag-construction portfolio-tag-portfolio portfolio-tag-projekte\">\n\t<div class=\"mkdf-pl-item-inner\">\n\t\t<a href=\"https:\/\/gi-encon.com\/?portfolio-item=autohaus-spes-brunn-am-gebirge-oesterreich\">\n<div class=\"mkdf-pli-image\">\n\t<img loading=\"lazy\" decoding=\"async\" width=\"970\" height=\"644\" src=\"https:\/\/gi-encon.com\/wp-content\/uploads\/2020\/02\/Autohaus2.png\" class=\"attachment-full size-full wp-post-image\" alt=\"\" srcset=\"https:\/\/gi-encon.com\/wp-content\/uploads\/2020\/02\/Autohaus2.png 970w, https:\/\/gi-encon.com\/wp-content\/uploads\/2020\/02\/Autohaus2-300x199.png 300w, https:\/\/gi-encon.com\/wp-content\/uploads\/2020\/02\/Autohaus2-768x510.png 768w\" sizes=\"auto, (max-width: 970px) 100vw, 970px\" \/><\/div>\n<\/a>\n<div class=\"mkdf-pli-text-holder\">\n\t<div class=\"mkdf-pli-text-wrapper\">\n\t\t<div class=\"mkdf-pli-text\">\n            \t\t<h6 class=\"mkdf-pli-category-holder\">\n\t\t\t\t\t\t\t<a itemprop=\"url\" class=\"mkdf-pli-category\" href=\"https:\/\/gi-encon.com\/?portfolio-category=construction\">Construction<\/a>\n\t\t\t\t\t<\/h6>\n\t\n                <a href=\"https:\/\/gi-encon.com\/?portfolio-item=autohaus-spes-brunn-am-gebirge-oesterreich\">\n\t<h4 itemprop=\"name\" class=\"mkdf-pli-title entry-title\" >\n\t\tAutohaus SPES, Brunn am Gebirge &#8211; \u00d6STERREICH\t<\/h4>\n    <\/a>\n\n            \n            \n            \t\t<\/div>\n\t<\/div>\n<\/div>\n\t\t<a itemprop=\"url\" class=\"mkdf-pli-link mkdf-block-drag-link\" href=\"https:\/\/gi-encon.com\/?portfolio-item=autohaus-spes-brunn-am-gebirge-oesterreich\" target=\"_self\"><\/a>\n\t<\/div>\n<\/article><article class=\"mkdf-pl-item mkdf-item-space  post-6568 portfolio-item type-portfolio-item status-publish has-post-thumbnail hentry portfolio-category-construction portfolio-tag-construction portfolio-tag-portfolio portfolio-tag-projekte portfolio-tag-statik\">\n\t<div class=\"mkdf-pl-item-inner\">\n\t\t<a href=\"https:\/\/gi-encon.com\/?portfolio-item=buerogebaeude-stetkova-18-prag-tschechische-republik\">\n<div class=\"mkdf-pli-image\">\n\t<img loading=\"lazy\" decoding=\"async\" width=\"970\" height=\"644\" src=\"https:\/\/gi-encon.com\/wp-content\/uploads\/2020\/02\/stet1.png\" class=\"attachment-full size-full wp-post-image\" alt=\"\" srcset=\"https:\/\/gi-encon.com\/wp-content\/uploads\/2020\/02\/stet1.png 970w, https:\/\/gi-encon.com\/wp-content\/uploads\/2020\/02\/stet1-300x199.png 300w, https:\/\/gi-encon.com\/wp-content\/uploads\/2020\/02\/stet1-768x510.png 768w\" sizes=\"auto, (max-width: 970px) 100vw, 970px\" \/><\/div>\n<\/a>\n<div class=\"mkdf-pli-text-holder\">\n\t<div class=\"mkdf-pli-text-wrapper\">\n\t\t<div class=\"mkdf-pli-text\">\n            \t\t<h6 class=\"mkdf-pli-category-holder\">\n\t\t\t\t\t\t\t<a itemprop=\"url\" class=\"mkdf-pli-category\" href=\"https:\/\/gi-encon.com\/?portfolio-category=construction\">Construction<\/a>\n\t\t\t\t\t<\/h6>\n\t\n                <a href=\"https:\/\/gi-encon.com\/?portfolio-item=buerogebaeude-stetkova-18-prag-tschechische-republik\">\n\t<h4 itemprop=\"name\" class=\"mkdf-pli-title entry-title\" >\n\t\tB\u00fcrogeb\u00e4ude STETKOVA 18, Prag &#8211; TSCHECHISCHE REPUBLIK\t<\/h4>\n    <\/a>\n\n            \n            \n            \t\t<\/div>\n\t<\/div>\n<\/div>\n\t\t<a itemprop=\"url\" class=\"mkdf-pli-link mkdf-block-drag-link\" href=\"https:\/\/gi-encon.com\/?portfolio-item=buerogebaeude-stetkova-18-prag-tschechische-republik\" target=\"_self\"><\/a>\n\t<\/div>\n<\/article><article class=\"mkdf-pl-item mkdf-item-space  post-6431 portfolio-item type-portfolio-item status-publish has-post-thumbnail hentry portfolio-category-construction portfolio-tag-construction portfolio-tag-portfolio portfolio-tag-projekte\">\n\t<div class=\"mkdf-pl-item-inner\">\n\t\t<a href=\"https:\/\/gi-encon.com\/?portfolio-item=garage-12-februar-platz-wien-oesterreich\">\n<div class=\"mkdf-pli-image\">\n\t<img loading=\"lazy\" decoding=\"async\" width=\"970\" height=\"644\" src=\"https:\/\/gi-encon.com\/wp-content\/uploads\/2020\/02\/12Feb2.png\" class=\"attachment-full size-full wp-post-image\" alt=\"\" srcset=\"https:\/\/gi-encon.com\/wp-content\/uploads\/2020\/02\/12Feb2.png 970w, https:\/\/gi-encon.com\/wp-content\/uploads\/2020\/02\/12Feb2-300x199.png 300w, https:\/\/gi-encon.com\/wp-content\/uploads\/2020\/02\/12Feb2-768x510.png 768w\" sizes=\"auto, (max-width: 970px) 100vw, 970px\" \/><\/div>\n<\/a>\n<div class=\"mkdf-pli-text-holder\">\n\t<div class=\"mkdf-pli-text-wrapper\">\n\t\t<div class=\"mkdf-pli-text\">\n            \t\t<h6 class=\"mkdf-pli-category-holder\">\n\t\t\t\t\t\t\t<a itemprop=\"url\" class=\"mkdf-pli-category\" href=\"https:\/\/gi-encon.com\/?portfolio-category=construction\">Construction<\/a>\n\t\t\t\t\t<\/h6>\n\t\n                <a href=\"https:\/\/gi-encon.com\/?portfolio-item=garage-12-februar-platz-wien-oesterreich\">\n\t<h4 itemprop=\"name\" class=\"mkdf-pli-title entry-title\" >\n\t\tGarage 12. FEBRUAR PLATZ , Wien &#8211; \u00d6STERREICH\t<\/h4>\n    <\/a>\n\n            \n            \n            \t\t<\/div>\n\t<\/div>\n<\/div>\n\t\t<a itemprop=\"url\" class=\"mkdf-pli-link mkdf-block-drag-link\" href=\"https:\/\/gi-encon.com\/?portfolio-item=garage-12-februar-platz-wien-oesterreich\" target=\"_self\"><\/a>\n\t<\/div>\n<\/article><article class=\"mkdf-pl-item mkdf-item-space  post-6574 portfolio-item type-portfolio-item status-publish has-post-thumbnail hentry portfolio-category-construction portfolio-tag-construction portfolio-tag-portfolio portfolio-tag-projekte portfolio-tag-statik\">\n\t<div class=\"mkdf-pl-item-inner\">\n\t\t<a href=\"https:\/\/gi-encon.com\/?portfolio-item=hotel-und-buerogebaeude-wspolna-72-warschau-polen\">\n<div class=\"mkdf-pli-image\">\n\t<img loading=\"lazy\" decoding=\"async\" width=\"970\" height=\"644\" src=\"https:\/\/gi-encon.com\/wp-content\/uploads\/2020\/02\/psg7.png\" class=\"attachment-full size-full wp-post-image\" alt=\"\" srcset=\"https:\/\/gi-encon.com\/wp-content\/uploads\/2020\/02\/psg7.png 970w, https:\/\/gi-encon.com\/wp-content\/uploads\/2020\/02\/psg7-300x199.png 300w, https:\/\/gi-encon.com\/wp-content\/uploads\/2020\/02\/psg7-768x510.png 768w\" sizes=\"auto, (max-width: 970px) 100vw, 970px\" \/><\/div>\n<\/a>\n<div class=\"mkdf-pli-text-holder\">\n\t<div class=\"mkdf-pli-text-wrapper\">\n\t\t<div class=\"mkdf-pli-text\">\n            \t\t<h6 class=\"mkdf-pli-category-holder\">\n\t\t\t\t\t\t\t<a itemprop=\"url\" class=\"mkdf-pli-category\" href=\"https:\/\/gi-encon.com\/?portfolio-category=construction\">Construction<\/a>\n\t\t\t\t\t<\/h6>\n\t\n                <a href=\"https:\/\/gi-encon.com\/?portfolio-item=hotel-und-buerogebaeude-wspolna-72-warschau-polen\">\n\t<h4 itemprop=\"name\" class=\"mkdf-pli-title entry-title\" >\n\t\tHotel- und B\u00fcrogeb\u00e4ude, WSPOLNA 72, Warschau &#8211; POLEN\t<\/h4>\n    <\/a>\n\n            \n            \n            \t\t<\/div>\n\t<\/div>\n<\/div>\n\t\t<a itemprop=\"url\" class=\"mkdf-pli-link mkdf-block-drag-link\" href=\"https:\/\/gi-encon.com\/?portfolio-item=hotel-und-buerogebaeude-wspolna-72-warschau-polen\" target=\"_self\"><\/a>\n\t<\/div>\n<\/article><article class=\"mkdf-pl-item mkdf-item-space  post-6558 portfolio-item type-portfolio-item status-publish has-post-thumbnail hentry portfolio-category-construction portfolio-tag-construction portfolio-tag-portfolio portfolio-tag-projekte portfolio-tag-statik\">\n\t<div class=\"mkdf-pl-item-inner\">\n\t\t<a href=\"https:\/\/gi-encon.com\/?portfolio-item=krolewska-buerogebaeude-warschau-polen\">\n<div class=\"mkdf-pli-image\">\n\t<img loading=\"lazy\" decoding=\"async\" width=\"970\" height=\"644\" src=\"https:\/\/gi-encon.com\/wp-content\/uploads\/2020\/02\/towerpolen.png\" class=\"attachment-full size-full wp-post-image\" alt=\"\" srcset=\"https:\/\/gi-encon.com\/wp-content\/uploads\/2020\/02\/towerpolen.png 970w, https:\/\/gi-encon.com\/wp-content\/uploads\/2020\/02\/towerpolen-300x199.png 300w, https:\/\/gi-encon.com\/wp-content\/uploads\/2020\/02\/towerpolen-768x510.png 768w\" sizes=\"auto, (max-width: 970px) 100vw, 970px\" \/><\/div>\n<\/a>\n<div class=\"mkdf-pli-text-holder\">\n\t<div class=\"mkdf-pli-text-wrapper\">\n\t\t<div class=\"mkdf-pli-text\">\n            \t\t<h6 class=\"mkdf-pli-category-holder\">\n\t\t\t\t\t\t\t<a itemprop=\"url\" class=\"mkdf-pli-category\" href=\"https:\/\/gi-encon.com\/?portfolio-category=construction\">Construction<\/a>\n\t\t\t\t\t<\/h6>\n\t\n                <a href=\"https:\/\/gi-encon.com\/?portfolio-item=krolewska-buerogebaeude-warschau-polen\">\n\t<h4 itemprop=\"name\" class=\"mkdf-pli-title entry-title\" >\n\t\tKROLEWSKA  B\u00fcrogeb\u00e4ude , Warschau &#8211; POLEN\t<\/h4>\n    <\/a>\n\n            \n            \n            \t\t<\/div>\n\t<\/div>\n<\/div>\n\t\t<a itemprop=\"url\" class=\"mkdf-pli-link mkdf-block-drag-link\" href=\"https:\/\/gi-encon.com\/?portfolio-item=krolewska-buerogebaeude-warschau-polen\" target=\"_self\"><\/a>\n\t<\/div>\n<\/article>\t<\/div>\n\t\n\t<\/div>[\/vc_column][\/vc_row]<\/p>\n","protected":false},"excerpt":{"rendered":"<p>[vc_row disable_element=&#8220;yes&#8220; row_content_width=&#8220;grid&#8220; row_btt_skin=&#8220;light&#8220; row_background_text_position=&#8220;front&#8220; css=&#8220;.vc_custom_1580849886295{padding-top: 120px !important;padding-bottom: 100px !important;}&#8220;][vc_column offset=&#8220;vc_col-lg-offset-0 vc_col-lg-12 vc_col-md-offset-0 vc_col-md-12 vc_col-sm-offset-0&#8243;][\/vc_column][\/vc_row][vc_row row_btt_skin=&#8220;light&#8220; row_background_text_position=&#8220;front&#8220; simple_background_color=&#8220;#22365c&#8220;][vc_column offset=&#8220;vc_col-lg-offset-0 vc_col-lg-12 vc_col-md-offset-0 vc_col-md-12 vc_col-sm-offset-0&#8243; css=&#8220;.vc_custom_1581084773595{padding-right: 0px !important;padding-left: 0px !important;}&#8220;][\/vc_column][\/vc_row]<\/p>\n","protected":false},"author":1,"featured_media":0,"parent":6182,"menu_order":0,"comment_status":"closed","ping_status":"closed","template":"","meta":{"footnotes":""},"class_list":["post-5018","page","type-page","status-publish","hentry"],"_links":{"self":[{"href":"https:\/\/gi-encon.com\/index.php?rest_route=\/wp\/v2\/pages\/5018","targetHints":{"allow":["GET"]}}],"collection":[{"href":"https:\/\/gi-encon.com\/index.php?rest_route=\/wp\/v2\/pages"}],"about":[{"href":"https:\/\/gi-encon.com\/index.php?rest_route=\/wp\/v2\/types\/page"}],"author":[{"embeddable":true,"href":"https:\/\/gi-encon.com\/index.php?rest_route=\/wp\/v2\/users\/1"}],"replies":[{"embeddable":true,"href":"https:\/\/gi-encon.com\/index.php?rest_route=%2Fwp%2Fv2%2Fcomments&post=5018"}],"version-history":[{"count":25,"href":"https:\/\/gi-encon.com\/index.php?rest_route=\/wp\/v2\/pages\/5018\/revisions"}],"predecessor-version":[{"id":6469,"href":"https:\/\/gi-encon.com\/index.php?rest_route=\/wp\/v2\/pages\/5018\/revisions\/6469"}],"up":[{"embeddable":true,"href":"https:\/\/gi-encon.com\/index.php?rest_route=\/wp\/v2\/pages\/6182"}],"wp:attachment":[{"href":"https:\/\/gi-encon.com\/index.php?rest_route=%2Fwp%2Fv2%2Fmedia&parent=5018"}],"curies":[{"name":"wp","href":"https:\/\/api.w.org\/{rel}","templated":true}]}}